{"id":6609,"date":"2026-08-05T17:12:08","date_gmt":"2026-08-05T17:12:08","guid":{"rendered":"https:\/\/euacholavras.com.br\/?post_type=product&#038;p=6609"},"modified":"2026-08-05T17:12:08","modified_gmt":"2026-08-05T17:12:08","slug":"%f0%9f%8f%ad-galpao-disponivel-para-locacao-bairro-aeroporto","status":"publish","type":"product","link":"https:\/\/euacholavras.com.br\/?product=%f0%9f%8f%ad-galpao-disponivel-para-locacao-bairro-aeroporto","title":{"rendered":"\ud83c\udfed Galp\u00e3o dispon\u00edvel para loca\u00e7\u00e3o \u2013 Bairro Aeroporto!"},"content":{"rendered":"<p class=\"isSelectedEnd\">\ud83c\udfed <strong>Galp\u00e3o dispon\u00edvel para loca\u00e7\u00e3o \u2013 Bairro Aeroporto!<\/strong><\/p>\n<p class=\"isSelectedEnd\">\ud83d\udccc C\u00f3digo: GP19-121<\/p>\n<p class=\"isSelectedEnd\">\u2728 Detalhes do im\u00f3vel:<br \/>\n\ud83c\udfe2 Amplo sal\u00e3o<br \/>\n\ud83d\udcbc 02 escrit\u00f3rios<br \/>\n\ud83d\udec1 02 banheiros sociais<br \/>\n\ud83e\uddfa \u00c1rea de servi\u00e7o<br \/>\n\u2b06\ufe0f Mezanino<br \/>\n\ud83d\ude97 Estacionamento externo para at\u00e9 04 ve\u00edculos<\/p>\n<p class=\"isSelectedEnd\">\ud83d\udcb0 Condi\u00e7\u00f5es:<br \/>\n\ud83d\udd39 Aluguel: R$ 3.500,00 mensais<\/p>\n<p class=\"isSelectedEnd\">\ud83d\udccd Localiza\u00e7\u00e3o:<br \/>\nGalp\u00e3o localizado no bairro Aeroporto, em uma regi\u00e3o de f\u00e1cil acesso e excelente log\u00edstica. O im\u00f3vel oferece um amplo espa\u00e7o interno, ideal para empresas, dep\u00f3sitos, oficinas, distribuidoras e diversos tipos de atividades comerciais, al\u00e9m de contar com escrit\u00f3rios, mezanino e estacionamento para maior comodidade.<\/p>\n<p class=\"isSelectedEnd\">\ud83d\udcf2 Agende sua visita:<br \/>\n\ud83d\udc68\u200d\ud83d\udcbc Eu Acho Empreendimentos Imobili\u00e1rios<br \/>\n\ud83c\udfe2 Av. Dr. Sylvio Menicucci, 234 A \u2013 Ign\u00e1cio Valentim \u2013 Lavras\/MG<br \/>\n\ud83d\udcdd CRECI 9205 PJ<\/p>\n<p>\u2728 Excelente oportunidade para quem busca um galp\u00e3o amplo, funcional e bem localizado, pronto para atender \u00e0s necessidades do seu neg\u00f3cio!<\/p>\n","protected":false},"excerpt":{"rendered":"<p>\ud83c\udfed Galp\u00e3o dispon\u00edvel para loca\u00e7\u00e3o \u2013 Bairro Aeroporto! \ud83d\udccc C\u00f3digo: GP19-121 \u2728 Detalhes do im\u00f3vel: \ud83c\udfe2 Amplo sal\u00e3o \ud83d\udcbc 02 escrit\u00f3rios \ud83d\udec1 02 banheiros sociais \ud83e\uddfa \u00c1rea de servi\u00e7o \u2b06\ufe0f Mezanino \ud83d\ude97 Estacionamento externo para at\u00e9 04 ve\u00edculos \ud83d\udcb0 Condi\u00e7\u00f5es: \ud83d\udd39 Aluguel: R$ 3.500,00 mensais \ud83d\udccd Localiza\u00e7\u00e3o: Galp\u00e3o localizado no bairro Aeroporto, em uma regi\u00e3o [&hellip;]<\/p>\n","protected":false},"featured_media":6619,"template":"","meta":[],"product_brand":[],"product_cat":[54,57],"product_tag":[269],"class_list":{"0":"post-6609","1":"product","2":"type-product","3":"status-publish","4":"has-post-thumbnail","6":"product_cat-aluguel","7":"product_cat-galpao","8":"product_tag-gp19-121","10":"first","11":"instock","12":"shipping-taxable","13":"purchasable","14":"product-type-simple"},"_links":{"self":[{"href":"https:\/\/euacholavras.com.br\/index.php?rest_route=\/wp\/v2\/product\/6609","targetHints":{"allow":["GET"]}}],"collection":[{"href":"https:\/\/euacholavras.com.br\/index.php?rest_route=\/wp\/v2\/product"}],"about":[{"href":"https:\/\/euacholavras.com.br\/index.php?rest_route=\/wp\/v2\/types\/product"}],"wp:featuredmedia":[{"embeddable":true,"href":"https:\/\/euacholavras.com.br\/index.php?rest_route=\/wp\/v2\/media\/6619"}],"wp:attachment":[{"href":"https:\/\/euacholavras.com.br\/index.php?rest_route=%2Fwp%2Fv2%2Fmedia&parent=6609"}],"wp:term":[{"taxonomy":"product_brand","embeddable":true,"href":"https:\/\/euacholavras.com.br\/index.php?rest_route=%2Fwp%2Fv2%2Fproduct_brand&post=6609"},{"taxonomy":"product_cat","embeddable":true,"href":"https:\/\/euacholavras.com.br\/index.php?rest_route=%2Fwp%2Fv2%2Fproduct_cat&post=6609"},{"taxonomy":"product_tag","embeddable":true,"href":"https:\/\/euacholavras.com.br\/index.php?rest_route=%2Fwp%2Fv2%2Fproduct_tag&post=6609"}],"curies":[{"name":"wp","href":"https:\/\/api.w.org\/{rel}","templated":true}]}}