{"id":6638,"date":"2026-08-10T16:52:28","date_gmt":"2026-08-10T16:52:28","guid":{"rendered":"https:\/\/euacholavras.com.br\/?post_type=product&#038;p=6638"},"modified":"2026-08-10T16:52:28","modified_gmt":"2026-08-10T16:52:28","slug":"%f0%9f%8f%ad-galpao-disponivel-para-locacao-e-venda-bairro-bela-vista","status":"publish","type":"product","link":"https:\/\/euacholavras.com.br\/?product=%f0%9f%8f%ad-galpao-disponivel-para-locacao-e-venda-bairro-bela-vista","title":{"rendered":"\ud83c\udfed Galp\u00e3o dispon\u00edvel para loca\u00e7\u00e3o e venda \u2013 Bairro Bela Vista!"},"content":{"rendered":"<p class=\"isSelectedEnd\"><strong>\ud83c\udfed<\/strong>Galp\u00e3o dispon\u00edvel para loca\u00e7\u00e3o e venda \u2013 Bairro Bela Vista!<\/p>\n<p class=\"isSelectedEnd\">\ud83d\udccc C\u00f3digo: GP5-162<\/p>\n<p class=\"isSelectedEnd\">\u2728 Detalhes do im\u00f3vel:<br \/>\n\ud83c\udfe2 Galp\u00e3o comercial<br \/>\n\ud83d\udccd Localizado no bairro Bela Vista<br \/>\n\ud83d\udd11 Dispon\u00edvel para loca\u00e7\u00e3o e venda<\/p>\n<p class=\"isSelectedEnd\">\ud83d\udcb0 Condi\u00e7\u00f5es:<br \/>\n\ud83d\udd39 Aluguel: R$ 1.500,00 mensais<br \/>\n\ud83d\udd39 Venda: R$ 160.000,00<\/p>\n<p class=\"isSelectedEnd\">\ud83d\udccd Localiza\u00e7\u00e3o:<br \/>\nGalp\u00e3o localizado no bairro Bela Vista, em uma regi\u00e3o de f\u00e1cil acesso e com potencial para diferentes atividades comerciais. Uma excelente op\u00e7\u00e3o para quem busca um espa\u00e7o para instalar seu neg\u00f3cio ou para investidores que procuram uma oportunidade de aquisi\u00e7\u00e3o de im\u00f3vel comercial.<\/p>\n<p class=\"isSelectedEnd\">\ud83c\udff7\ufe0f Dispon\u00edvel para loca\u00e7\u00e3o e venda!<br \/>\nO im\u00f3vel est\u00e1 dispon\u00edvel para <strong>loca\u00e7\u00e3o pelo valor de R$ 1.500,00 mensais<\/strong> ou para <strong>venda por R$ 160.000,00<\/strong>, oferecendo flexibilidade tanto para quem deseja utilizar o espa\u00e7o quanto para quem busca investir.<\/p>\n<p class=\"isSelectedEnd\">\ud83d\udcf2 Mais informa\u00e7\u00f5es:<br \/>\n\ud83d\udc68\u200d\ud83d\udcbc Eu Acho Empreendimentos Imobili\u00e1rios<br \/>\n\ud83c\udfe2 Av. Dr. Sylvio Menicucci, 234 A \u2013 Ign\u00e1cio Valentim \u2013 Lavras\/MG<br \/>\n\ud83d\udcdd CRECI 9205 PJ<\/p>\n<p>\u2728 Excelente oportunidade para quem busca um im\u00f3vel comercial no bairro Bela Vista! Entre em contato conosco para mais informa\u00e7\u00f5es e agende sua visita.<\/p>\n","protected":false},"excerpt":{"rendered":"<p>\ud83c\udfedGalp\u00e3o dispon\u00edvel para loca\u00e7\u00e3o e venda \u2013 Bairro Bela Vista! \ud83d\udccc C\u00f3digo: GP5-162 \u2728 Detalhes do im\u00f3vel: \ud83c\udfe2 Galp\u00e3o comercial \ud83d\udccd Localizado no bairro Bela Vista \ud83d\udd11 Dispon\u00edvel para loca\u00e7\u00e3o e venda \ud83d\udcb0 Condi\u00e7\u00f5es: \ud83d\udd39 Aluguel: R$ 1.500,00 mensais \ud83d\udd39 Venda: R$ 160.000,00 \ud83d\udccd Localiza\u00e7\u00e3o: Galp\u00e3o localizado no bairro Bela Vista, em uma regi\u00e3o de [&hellip;]<\/p>\n","protected":false},"featured_media":6646,"template":"","meta":[],"product_brand":[],"product_cat":[54,57,52],"product_tag":[271],"class_list":{"0":"post-6638","1":"product","2":"type-product","3":"status-publish","4":"has-post-thumbnail","6":"product_cat-aluguel","7":"product_cat-galpao","8":"product_cat-pontoscomerciais","9":"product_tag-gp5-162","11":"first","12":"instock","13":"shipping-taxable","14":"purchasable","15":"product-type-simple"},"_links":{"self":[{"href":"https:\/\/euacholavras.com.br\/index.php?rest_route=\/wp\/v2\/product\/6638","targetHints":{"allow":["GET"]}}],"collection":[{"href":"https:\/\/euacholavras.com.br\/index.php?rest_route=\/wp\/v2\/product"}],"about":[{"href":"https:\/\/euacholavras.com.br\/index.php?rest_route=\/wp\/v2\/types\/product"}],"wp:featuredmedia":[{"embeddable":true,"href":"https:\/\/euacholavras.com.br\/index.php?rest_route=\/wp\/v2\/media\/6646"}],"wp:attachment":[{"href":"https:\/\/euacholavras.com.br\/index.php?rest_route=%2Fwp%2Fv2%2Fmedia&parent=6638"}],"wp:term":[{"taxonomy":"product_brand","embeddable":true,"href":"https:\/\/euacholavras.com.br\/index.php?rest_route=%2Fwp%2Fv2%2Fproduct_brand&post=6638"},{"taxonomy":"product_cat","embeddable":true,"href":"https:\/\/euacholavras.com.br\/index.php?rest_route=%2Fwp%2Fv2%2Fproduct_cat&post=6638"},{"taxonomy":"product_tag","embeddable":true,"href":"https:\/\/euacholavras.com.br\/index.php?rest_route=%2Fwp%2Fv2%2Fproduct_tag&post=6638"}],"curies":[{"name":"wp","href":"https:\/\/api.w.org\/{rel}","templated":true}]}}