{"id":6675,"date":"2026-08-17T16:28:24","date_gmt":"2026-08-17T16:28:24","guid":{"rendered":"https:\/\/euacholavras.com.br\/?post_type=product&#038;p=6675"},"modified":"2026-08-17T16:28:24","modified_gmt":"2026-08-17T16:28:24","slug":"%f0%9f%8f%a1-kitnet-disponivel-para-locacao-bairro-belizandra","status":"publish","type":"product","link":"https:\/\/euacholavras.com.br\/?product=%f0%9f%8f%a1-kitnet-disponivel-para-locacao-bairro-belizandra","title":{"rendered":"\ud83c\udfe1 Kitnet\u00a0dispon\u00edvel para loca\u00e7\u00e3o \u2013 Bairro Belizandra!"},"content":{"rendered":"<p class=\"isSelectedEnd\">\ud83c\udfe1<strong> Kitnet\u00a0dispon\u00edvel para loca\u00e7\u00e3o \u2013 Bairro Belizandra!<\/strong><\/p>\n<p class=\"isSelectedEnd\">\ud83d\udccc C\u00f3digo: KT11-181<\/p>\n<p class=\"isSelectedEnd\">\u2728 Detalhes do im\u00f3vel:<br \/>\n\ud83d\udecf\ufe0f 01 quarto<br \/>\n\ud83d\udecb\ufe0f Sala<br \/>\n\ud83c\udf73 Cozinha<br \/>\n\ud83d\udec1 Banheiro<br \/>\n\ud83e\uddfa \u00c1rea de servi\u00e7o<br \/>\n\ud83d\ude97 Garagem<\/p>\n<p class=\"isSelectedEnd\">\ud83d\udcb0 Condi\u00e7\u00f5es:<\/p>\n<p class=\"isSelectedEnd\">\ud83d\udd39 Aluguel: R$1.100,00 mensais<\/p>\n<p class=\"isSelectedEnd\">\ud83d\udccd Localiza\u00e7\u00e3o:<br \/>\nIm\u00f3vel localizado no bairro Belizandra, em uma regi\u00e3o tranquila e de f\u00e1cil acesso. Uma excelente op\u00e7\u00e3o para quem busca praticidade, conforto e um im\u00f3vel com \u00f3timo custo-benef\u00edcio.<\/p>\n<p class=\"isSelectedEnd\">\ud83d\udcf2 Agende sua visita:<br \/>\n\ud83d\udc68\u200d\ud83d\udcbc Eu Acho Empreendimentos Imobili\u00e1rios<br \/>\n\ud83c\udfe2 Av. Dr. Sylvio Menicucci, 234 A \u2013 Ign\u00e1cio Valentim \u2013 Lavras\/MG<br \/>\n\ud83d\udcdd CRECI 9205 PJ<\/p>\n<p>\u2728 Excelente oportunidade para quem procura um apartamento confort\u00e1vel, funcional e com \u00f3timo custo-benef\u00edcio!<\/p>\n","protected":false},"excerpt":{"rendered":"<p>\ud83c\udfe1 Kitnet\u00a0dispon\u00edvel para loca\u00e7\u00e3o \u2013 Bairro Belizandra! \ud83d\udccc C\u00f3digo: KT11-181 \u2728 Detalhes do im\u00f3vel: \ud83d\udecf\ufe0f 01 quarto \ud83d\udecb\ufe0f Sala \ud83c\udf73 Cozinha \ud83d\udec1 Banheiro \ud83e\uddfa \u00c1rea de servi\u00e7o \ud83d\ude97 Garagem \ud83d\udcb0 Condi\u00e7\u00f5es: \ud83d\udd39 Aluguel: R$1.100,00 mensais \ud83d\udccd Localiza\u00e7\u00e3o: Im\u00f3vel localizado no bairro Belizandra, em uma regi\u00e3o tranquila e de f\u00e1cil acesso. Uma excelente op\u00e7\u00e3o para quem [&hellip;]<\/p>\n","protected":false},"featured_media":6678,"template":"","meta":[],"product_brand":[],"product_cat":[54,56],"product_tag":[274],"class_list":{"0":"post-6675","1":"product","2":"type-product","3":"status-publish","4":"has-post-thumbnail","6":"product_cat-aluguel","7":"product_cat-kitnet","8":"product_tag-kt11-181","10":"first","11":"instock","12":"shipping-taxable","13":"purchasable","14":"product-type-simple"},"_links":{"self":[{"href":"https:\/\/euacholavras.com.br\/index.php?rest_route=\/wp\/v2\/product\/6675","targetHints":{"allow":["GET"]}}],"collection":[{"href":"https:\/\/euacholavras.com.br\/index.php?rest_route=\/wp\/v2\/product"}],"about":[{"href":"https:\/\/euacholavras.com.br\/index.php?rest_route=\/wp\/v2\/types\/product"}],"wp:featuredmedia":[{"embeddable":true,"href":"https:\/\/euacholavras.com.br\/index.php?rest_route=\/wp\/v2\/media\/6678"}],"wp:attachment":[{"href":"https:\/\/euacholavras.com.br\/index.php?rest_route=%2Fwp%2Fv2%2Fmedia&parent=6675"}],"wp:term":[{"taxonomy":"product_brand","embeddable":true,"href":"https:\/\/euacholavras.com.br\/index.php?rest_route=%2Fwp%2Fv2%2Fproduct_brand&post=6675"},{"taxonomy":"product_cat","embeddable":true,"href":"https:\/\/euacholavras.com.br\/index.php?rest_route=%2Fwp%2Fv2%2Fproduct_cat&post=6675"},{"taxonomy":"product_tag","embeddable":true,"href":"https:\/\/euacholavras.com.br\/index.php?rest_route=%2Fwp%2Fv2%2Fproduct_tag&post=6675"}],"curies":[{"name":"wp","href":"https:\/\/api.w.org\/{rel}","templated":true}]}}