{"id":6685,"date":"2026-08-19T14:38:38","date_gmt":"2026-08-19T14:38:38","guid":{"rendered":"https:\/\/euacholavras.com.br\/?post_type=product&#038;p=6685"},"modified":"2026-08-19T14:38:38","modified_gmt":"2026-08-19T14:38:38","slug":"%f0%9f%8f%a1-casa-semimobiliada-disponivel-para-locacao-bairro-nilton-teixeira","status":"publish","type":"product","link":"https:\/\/euacholavras.com.br\/?product=%f0%9f%8f%a1-casa-semimobiliada-disponivel-para-locacao-bairro-nilton-teixeira","title":{"rendered":"\ud83c\udfe1 Casa semimobiliada dispon\u00edvel para loca\u00e7\u00e3o \u2013 Bairro Nilton Teixeira!"},"content":{"rendered":"<p class=\"isSelectedEnd\">\ud83c\udfe1 <strong>Casa semimobiliada dispon\u00edvel para loca\u00e7\u00e3o \u2013 Bairro Nilton Teixeira!<\/strong><\/p>\n<p class=\"isSelectedEnd\">\ud83d\udccc <strong>C\u00f3digo:<\/strong> CS9-129<\/p>\n<p class=\"isSelectedEnd\">\u2728 <strong>Detalhes do im\u00f3vel:<\/strong><br \/>\n\ud83d\udecf\ufe0f 02 quartos<br \/>\n\ud83c\udf73 Cozinha<br \/>\n\ud83d\udec1 Banheiro<br \/>\n\ud83d\ude97 Garagem<br \/>\n\ud83e\uddfa \u00c1rea de servi\u00e7o<br \/>\n\ud83d\udca1 L\u00e2mpadas novas de LED em todos os c\u00f4modos e na varanda<\/p>\n<p class=\"isSelectedEnd\">\ud83e\ude91 <strong>M\u00f3veis e itens que permanecem no im\u00f3vel:<\/strong><br \/>\n\ud83d\udd25 01 fog\u00e3o 4 bocas com tampo de cooktop<br \/>\n\ud83c\udf2c\ufe0f 01 suggar<br \/>\n\ud83e\uddca 01 geladeira branca<br \/>\n\ud83d\uddc4\ufe0f 01 arm\u00e1rio de cozinha<br \/>\n\ud83d\udc54 01 guarda-roupas<br \/>\n\ud83d\udecf\ufe0f 01 cama box com cabeceira<br \/>\n\ud83d\udecf\ufe0f 01 cama de solteiro em sucupira<br \/>\n\ud83d\udcbb 01 mesa para computador<br \/>\n\ud83e\ude91 01 puff de assento<br \/>\n\ud83c\udf7d\ufe0f 01 mesa de ferro de 2,0 metros<\/p>\n<p class=\"isSelectedEnd\">\ud83d\udcb0 <strong>Condi\u00e7\u00f5es:<\/strong><br \/>\n\ud83d\udd39 <strong>Aluguel:<\/strong> R$1.200,00 mensais<\/p>\n<p class=\"isSelectedEnd\">\ud83d\udccd <strong>Localiza\u00e7\u00e3o:<\/strong><br \/>\nCasa localizada no bairro Nilton Teixeira, oferecendo praticidade e conforto para quem busca um im\u00f3vel funcional e j\u00e1 equipado com diversos m\u00f3veis e itens essenciais. Uma excelente op\u00e7\u00e3o para quem deseja facilitar a mudan\u00e7a e ter mais praticidade no dia a dia.<\/p>\n<p class=\"isSelectedEnd\">\ud83d\udcf2 <strong>Agende sua visita:<\/strong><br \/>\n\ud83d\udc68\u200d\ud83d\udcbc Eu Acho Empreendimentos Imobili\u00e1rios<br \/>\n\ud83c\udfe2 Av. Dr. Sylvio Menicucci, 234 A \u2013 Ign\u00e1cio Valentim \u2013 Lavras\/MG<br \/>\n\ud83d\udcdd CRECI 9205 PJ<\/p>\n<p>\u2728 <strong>Excelente oportunidade para quem procura uma casa semimobiliada, com diversos m\u00f3veis e eletrodom\u00e9sticos inclusos e \u00f3timo custo-benef\u00edcio!<\/strong><\/p>\n","protected":false},"excerpt":{"rendered":"<p>\ud83c\udfe1 Casa semimobiliada dispon\u00edvel para loca\u00e7\u00e3o \u2013 Bairro Nilton Teixeira! \ud83d\udccc C\u00f3digo: CS9-129 \u2728 Detalhes do im\u00f3vel: \ud83d\udecf\ufe0f 02 quartos \ud83c\udf73 Cozinha \ud83d\udec1 Banheiro \ud83d\ude97 Garagem \ud83e\uddfa \u00c1rea de servi\u00e7o \ud83d\udca1 L\u00e2mpadas novas de LED em todos os c\u00f4modos e na varanda \ud83e\ude91 M\u00f3veis e itens que permanecem no im\u00f3vel: \ud83d\udd25 01 fog\u00e3o 4 bocas [&hellip;]<\/p>\n","protected":false},"featured_media":6686,"template":"","meta":[],"product_brand":[],"product_cat":[54,34],"product_tag":[275],"class_list":{"0":"post-6685","1":"product","2":"type-product","3":"status-publish","4":"has-post-thumbnail","6":"product_cat-aluguel","7":"product_cat-casas","8":"product_tag-cs9-129","10":"first","11":"instock","12":"shipping-taxable","13":"purchasable","14":"product-type-simple"},"_links":{"self":[{"href":"https:\/\/euacholavras.com.br\/index.php?rest_route=\/wp\/v2\/product\/6685","targetHints":{"allow":["GET"]}}],"collection":[{"href":"https:\/\/euacholavras.com.br\/index.php?rest_route=\/wp\/v2\/product"}],"about":[{"href":"https:\/\/euacholavras.com.br\/index.php?rest_route=\/wp\/v2\/types\/product"}],"wp:featuredmedia":[{"embeddable":true,"href":"https:\/\/euacholavras.com.br\/index.php?rest_route=\/wp\/v2\/media\/6686"}],"wp:attachment":[{"href":"https:\/\/euacholavras.com.br\/index.php?rest_route=%2Fwp%2Fv2%2Fmedia&parent=6685"}],"wp:term":[{"taxonomy":"product_brand","embeddable":true,"href":"https:\/\/euacholavras.com.br\/index.php?rest_route=%2Fwp%2Fv2%2Fproduct_brand&post=6685"},{"taxonomy":"product_cat","embeddable":true,"href":"https:\/\/euacholavras.com.br\/index.php?rest_route=%2Fwp%2Fv2%2Fproduct_cat&post=6685"},{"taxonomy":"product_tag","embeddable":true,"href":"https:\/\/euacholavras.com.br\/index.php?rest_route=%2Fwp%2Fv2%2Fproduct_tag&post=6685"}],"curies":[{"name":"wp","href":"https:\/\/api.w.org\/{rel}","templated":true}]}}