{"id":6710,"date":"2026-08-20T18:16:02","date_gmt":"2026-08-20T18:16:02","guid":{"rendered":"https:\/\/euacholavras.com.br\/?post_type=product&#038;p=6710"},"modified":"2026-08-21T13:13:00","modified_gmt":"2026-08-21T13:13:00","slug":"%f0%9f%8f%a1-apartamento-disponivel-para-locacao-jardim-gloria","status":"publish","type":"product","link":"https:\/\/euacholavras.com.br\/?product=%f0%9f%8f%a1-apartamento-disponivel-para-locacao-jardim-gloria","title":{"rendered":"\ud83c\udfe1 Apartamento dispon\u00edvel para loca\u00e7\u00e3o \u2013 Jardim Gl\u00f3ria!"},"content":{"rendered":"<p class=\"isSelectedEnd\">\ud83c\udfe1 <strong>Apartamento dispon\u00edvel para loca\u00e7\u00e3o \u2013 Jardim Gl\u00f3ria!<\/strong><\/p>\n<p class=\"isSelectedEnd\">\ud83d\udccc <strong>C\u00f3digo:<\/strong> AP8-138<\/p>\n<p class=\"isSelectedEnd\">\u2728 <strong>Detalhes do im\u00f3vel:<\/strong><br \/>\n\ud83d\udecf\ufe0f 03 quartos, sendo 02 su\u00edtes<br \/>\n\ud83d\udecb\ufe0f Sala<br \/>\n\ud83c\udf73 Cozinha<br \/>\n\ud83d\udec1 02 banheiros<br \/>\n\ud83d\udd25 \u00c1rea gourmet com churrasqueira<br \/>\n\ud83e\uddfa \u00c1rea de servi\u00e7o<br \/>\n\ud83d\ude97 3 vagas de garagem<\/p>\n<p class=\"isSelectedEnd\">\ud83d\udcb0 <strong>Condi\u00e7\u00f5es:<\/strong><br \/>\n\ud83d\udd39 <strong>Aluguel:<\/strong> R$2.300,00 mensais<\/p>\n<p class=\"isSelectedEnd\">\ud83d\udccd <strong>Localiza\u00e7\u00e3o:<\/strong><br \/>\nApartamento localizado no bairro Jardim Gl\u00f3ria, em uma regi\u00e3o tranquila e de f\u00e1cil acesso. O im\u00f3vel oferece ambientes amplos e confort\u00e1veis, al\u00e9m de uma excelente \u00e1rea gourmet com churrasqueira, sendo uma \u00f3tima op\u00e7\u00e3o para quem busca conforto, praticidade e espa\u00e7o para momentos de lazer.<\/p>\n<p class=\"isSelectedEnd\">\ud83d\udcf2 <strong>Agende sua visita:<\/strong><br \/>\n\ud83d\udc68\u200d\ud83d\udcbc Eu Acho Empreendimentos Imobili\u00e1rios<br \/>\n\ud83c\udfe2 Av. Dr. Sylvio Menicucci, 234 A \u2013 Ign\u00e1cio Valentim \u2013 Lavras\/MG<br \/>\n\ud83d\udcdd CRECI 9205 PJ<\/p>\n<p>\u2728 <strong>Excelente oportunidade para quem procura um apartamento espa\u00e7oso, confort\u00e1vel, com duas su\u00edtes e uma \u00f3tima \u00e1rea gourmet!<\/strong><\/p>\n","protected":false},"excerpt":{"rendered":"<p>\ud83c\udfe1 Apartamento dispon\u00edvel para loca\u00e7\u00e3o \u2013 Jardim Gl\u00f3ria! \ud83d\udccc C\u00f3digo: AP8-138 \u2728 Detalhes do im\u00f3vel: \ud83d\udecf\ufe0f 03 quartos, sendo 02 su\u00edtes \ud83d\udecb\ufe0f Sala \ud83c\udf73 Cozinha \ud83d\udec1 02 banheiros \ud83d\udd25 \u00c1rea gourmet com churrasqueira \ud83e\uddfa \u00c1rea de servi\u00e7o \ud83d\ude97 3 vagas de garagem \ud83d\udcb0 Condi\u00e7\u00f5es: \ud83d\udd39 Aluguel: R$2.300,00 mensais \ud83d\udccd Localiza\u00e7\u00e3o: Apartamento localizado no bairro Jardim [&hellip;]<\/p>\n","protected":false},"featured_media":6722,"template":"","meta":[],"product_brand":[],"product_cat":[54,36],"product_tag":[277],"class_list":{"0":"post-6710","1":"product","2":"type-product","3":"status-publish","4":"has-post-thumbnail","6":"product_cat-aluguel","7":"product_cat-apartamento","8":"product_tag-ap8-138","10":"first","11":"instock","12":"shipping-taxable","13":"purchasable","14":"product-type-simple"},"_links":{"self":[{"href":"https:\/\/euacholavras.com.br\/index.php?rest_route=\/wp\/v2\/product\/6710","targetHints":{"allow":["GET"]}}],"collection":[{"href":"https:\/\/euacholavras.com.br\/index.php?rest_route=\/wp\/v2\/product"}],"about":[{"href":"https:\/\/euacholavras.com.br\/index.php?rest_route=\/wp\/v2\/types\/product"}],"wp:featuredmedia":[{"embeddable":true,"href":"https:\/\/euacholavras.com.br\/index.php?rest_route=\/wp\/v2\/media\/6722"}],"wp:attachment":[{"href":"https:\/\/euacholavras.com.br\/index.php?rest_route=%2Fwp%2Fv2%2Fmedia&parent=6710"}],"wp:term":[{"taxonomy":"product_brand","embeddable":true,"href":"https:\/\/euacholavras.com.br\/index.php?rest_route=%2Fwp%2Fv2%2Fproduct_brand&post=6710"},{"taxonomy":"product_cat","embeddable":true,"href":"https:\/\/euacholavras.com.br\/index.php?rest_route=%2Fwp%2Fv2%2Fproduct_cat&post=6710"},{"taxonomy":"product_tag","embeddable":true,"href":"https:\/\/euacholavras.com.br\/index.php?rest_route=%2Fwp%2Fv2%2Fproduct_tag&post=6710"}],"curies":[{"name":"wp","href":"https:\/\/api.w.org\/{rel}","templated":true}]}}